{"id":8334,"date":"2019-12-05T09:54:17","date_gmt":"2019-12-05T09:54:17","guid":{"rendered":"https:\/\/www.adlers-innsbruck.com\/hotel-2\/"},"modified":"2025-05-09T07:13:09","modified_gmt":"2025-05-09T07:13:09","slug":"hotel","status":"publish","type":"page","link":"https:\/\/www.adlers-innsbruck.com\/en\/hotel\/","title":{"rendered":"Hotel"},"content":{"rendered":"\t\t<div data-elementor-type=\"wp-page\" data-elementor-id=\"8334\" class=\"elementor elementor-8334 elementor-922\" data-elementor-post-type=\"page\">\n\t\t\t\t<div class=\"elementor-element elementor-element-ee729ab e-flex e-con-boxed e-con e-parent\" data-id=\"ee729ab\" data-element_type=\"container\" data-e-type=\"container\">\n\t\t\t\t\t<div class=\"e-con-inner\">\n\t\t\t\t<div class=\"elementor-element elementor-element-21f84766 elementor-widget elementor-widget-spacer\" data-id=\"21f84766\" data-element_type=\"widget\" data-e-type=\"widget\" data-widget_type=\"spacer.default\">\n\t\t\t\t<div class=\"elementor-widget-container\">\n\t\t\t\t\t\t\t<div class=\"elementor-spacer\">\n\t\t\t<div class=\"elementor-spacer-inner\"><\/div>\n\t\t<\/div>\n\t\t\t\t\t\t<\/div>\n\t\t\t\t<\/div>\n\t\t\t\t\t<\/div>\n\t\t\t\t<\/div>\n\t\t<div class=\"elementor-element elementor-element-8d11f33 e-flex e-con-boxed e-con e-parent\" data-id=\"8d11f33\" data-element_type=\"container\" data-e-type=\"container\">\n\t\t\t\t\t<div class=\"e-con-inner\">\n\t\t\t\t<div class=\"elementor-element elementor-element-475feb8f elementor-widget elementor-widget-text-editor\" data-id=\"475feb8f\" data-element_type=\"widget\" data-e-type=\"widget\" data-widget_type=\"text-editor.default\">\n\t\t\t\t<div class=\"elementor-widget-container\">\n\t\t\t\t\t\t\t\t\t<h2>Unsere Services<\/h2>\n\t\t\t\t\t\t\t\t<\/div>\n\t\t\t\t<\/div>\n\t\t\t\t\t<\/div>\n\t\t\t\t<\/div>\n\t\t<div class=\"elementor-element elementor-element-45bb42c1 e-flex e-con-boxed e-con e-parent\" data-id=\"45bb42c1\" data-element_type=\"container\" data-e-type=\"container\">\n\t\t\t\t\t<div class=\"e-con-inner\">\n\t\t<div class=\"elementor-element elementor-element-6c232cb6 e-con-full e-flex e-con e-child\" data-id=\"6c232cb6\" data-element_type=\"container\" data-e-type=\"container\">\n\t\t\t\t<div class=\"elementor-element elementor-element-164ff23 elementor-widget elementor-widget-spacer\" data-id=\"164ff23\" data-element_type=\"widget\" data-e-type=\"widget\" data-widget_type=\"spacer.default\">\n\t\t\t\t<div class=\"elementor-widget-container\">\n\t\t\t\t\t\t\t<div class=\"elementor-spacer\">\n\t\t\t<div class=\"elementor-spacer-inner\"><\/div>\n\t\t<\/div>\n\t\t\t\t\t\t<\/div>\n\t\t\t\t<\/div>\n\t\t\t\t<div class=\"elementor-element elementor-element-c4445b6 elementor-widget__width-initial elementor-widget elementor-widget-text-editor\" data-id=\"c4445b6\" data-element_type=\"widget\" data-e-type=\"widget\" data-widget_type=\"text-editor.default\">\n\t\t\t\t<div class=\"elementor-widget-container\">\n\t\t\t\t\t\t\t\t\t<h3>Der Ruhepol im brodelnden Herzen direkt am Hauptbahnhof Innsbruck<\/h3>\n\t\t\t\t\t\t\t\t<\/div>\n\t\t\t\t<\/div>\n\t\t\t\t<\/div>\n\t\t\t\t\t<\/div>\n\t\t\t\t<\/div>\n\t\t<div class=\"elementor-element elementor-element-61ecb40 e-flex e-con-boxed e-con e-parent\" data-id=\"61ecb40\" data-element_type=\"container\" data-e-type=\"container\">\n\t\t\t\t\t<div class=\"e-con-inner\">\n\t\t<div class=\"elementor-element elementor-element-9e074d6 e-con-full e-flex e-con e-child\" data-id=\"9e074d6\" data-element_type=\"container\" data-e-type=\"container\">\n\t\t\t\t<div class=\"elementor-element elementor-element-4cb2e55 elementor-widget__width-initial elementor-widget elementor-widget-text-editor\" data-id=\"4cb2e55\" data-element_type=\"widget\" data-e-type=\"widget\" data-widget_type=\"text-editor.default\">\n\t\t\t\t<div class=\"elementor-widget-container\">\n\t\t\t\t\t\t\t\t\t<p>\u00d6ffnungszeiten<\/p>\n<p>Ganzj\u00e4hrig<\/p>\n\t\t\t\t\t\t\t\t<\/div>\n\t\t\t\t<\/div>\n\t\t\t\t<div class=\"elementor-element elementor-element-d10ec9f elementor-widget__width-initial elementor-widget elementor-widget-text-editor\" data-id=\"d10ec9f\" data-element_type=\"widget\" data-e-type=\"widget\" data-widget_type=\"text-editor.default\">\n\t\t\t\t<div class=\"elementor-widget-container\">\n\t\t\t\t\t\t\t\t\t<p>7 Tage, 24 Stunden<\/p>\n\t\t\t\t\t\t\t\t<\/div>\n\t\t\t\t<\/div>\n\t\t\t\t<div class=\"elementor-element elementor-element-bba5050 elementor-widget__width-initial elementor-widget elementor-widget-text-editor\" data-id=\"bba5050\" data-element_type=\"widget\" data-e-type=\"widget\" data-widget_type=\"text-editor.default\">\n\t\t\t\t<div class=\"elementor-widget-container\">\n\t\t\t\t\t\t\t\t\t<p>check-in<\/p>\n\t\t\t\t\t\t\t\t<\/div>\n\t\t\t\t<\/div>\n\t\t\t\t<div class=\"elementor-element elementor-element-b48f66e elementor-widget__width-initial elementor-widget elementor-widget-text-editor\" data-id=\"b48f66e\" data-element_type=\"widget\" data-e-type=\"widget\" data-widget_type=\"text-editor.default\">\n\t\t\t\t<div class=\"elementor-widget-container\">\n\t\t\t\t\t\t\t\t\t<p>Ab 16:00 uhr<\/p>\n\t\t\t\t\t\t\t\t<\/div>\n\t\t\t\t<\/div>\n\t\t\t\t<div class=\"elementor-element elementor-element-0985bf5 elementor-widget__width-initial elementor-widget elementor-widget-text-editor\" data-id=\"0985bf5\" data-element_type=\"widget\" data-e-type=\"widget\" data-widget_type=\"text-editor.default\">\n\t\t\t\t<div class=\"elementor-widget-container\">\n\t\t\t\t\t\t\t\t\t<p>check-in<\/p>\n\t\t\t\t\t\t\t\t<\/div>\n\t\t\t\t<\/div>\n\t\t\t\t<div class=\"elementor-element elementor-element-d167a7b elementor-widget__width-initial elementor-widget elementor-widget-text-editor\" data-id=\"d167a7b\" data-element_type=\"widget\" data-e-type=\"widget\" data-widget_type=\"text-editor.default\">\n\t\t\t\t<div class=\"elementor-widget-container\">\n\t\t\t\t\t\t\t\t\t<p>bis 12:00 Uhr<\/p>\n\t\t\t\t\t\t\t\t<\/div>\n\t\t\t\t<\/div>\n\t\t\t\t<\/div>\n\t\t<div class=\"elementor-element elementor-element-39def41 e-con-full e-flex e-con e-child\" data-id=\"39def41\" data-element_type=\"container\" data-e-type=\"container\">\n\t\t\t\t<div class=\"elementor-element elementor-element-8cb67e4 elementor-widget elementor-widget-text-editor\" data-id=\"8cb67e4\" data-element_type=\"widget\" data-e-type=\"widget\" data-widget_type=\"text-editor.default\">\n\t\t\t\t<div class=\"elementor-widget-container\">\n\t\t\t\t\t\t\t\t\t<p>Direkt neben dem Innsbrucker Hauptbahnhof ragt Innsbrucks Leuchtturm f\u00fcr moderne Hotellerie und Gastronomie eindrucksvoll empor: Das ADLERS Lifestyle-Hotel. Als ideale Basisstation f\u00fcr alle Aktivit\u00e4ten, die Innsbruck zu bieten hat, gelangt man vom ADLERS aus einfach und schnell in s\u00e4mtliche Himmelsrichtungen. Gleichzeitig genie\u00dft man das besondere Flair einer Lifestyle-Destination, die garantiert f\u00fcr jeden etwas bereith\u00e4lt. Ob St\u00e4dtetrip oder Firmenseminar, Afterwork-Drink oder Party-Time: Im ADLERS wird jeder Besuch etwas ganz Besonderes.<\/p>\n<p>Wer mitten in Innsbruck ein wenig H\u00f6henluft schnuppern m\u00f6chte, muss in keine Bergbahn steigen, um dem Trubel der Stadt zu entkommen. Nehmen Sie einfach unseren Fahrstuhl hinauf in die 12. Etage. Als \u201eGipfelsieg\u201c winkt eine wundersch\u00f6ne Aussicht \u00fcber die vielen D\u00e4cher Innsbrucks, von denen nicht nur eines in der Abendsonne golden gl\u00e4nzt.<\/p>\n<p>Auch wenn es Ihren Blick im ADLERS unweigerlich in die Ferne zieht: Das Innere des Innsbrucker Erlebnishotels zeigt sich ebenfalls sehr sehenswert. Feine Materialien und edles Design geh\u00f6ren in jedem der 75 Zimmer genauso zur Grundausstattung, wie ein \u00e4u\u00dferst komfortables Bett und eine ansprechende Lichtgestaltung. Ihrem rundum perfekten Innsbruck-Aufenthalt steht somit nichts mehr im Wege.<\/p>\n\t\t\t\t\t\t\t\t<\/div>\n\t\t\t\t<\/div>\n\t\t\t\t<\/div>\n\t\t\t\t\t<\/div>\n\t\t\t\t<\/div>\n\t\t<div class=\"elementor-element elementor-element-48d13d0c e-flex e-con-boxed e-con e-parent\" data-id=\"48d13d0c\" data-element_type=\"container\" data-e-type=\"container\">\n\t\t\t\t\t<div class=\"e-con-inner\">\n\t\t\t\t<div class=\"elementor-element elementor-element-3eeea920 elementor-hidden-mobile elementor-widget elementor-widget-spacer\" data-id=\"3eeea920\" data-element_type=\"widget\" data-e-type=\"widget\" data-widget_type=\"spacer.default\">\n\t\t\t\t<div class=\"elementor-widget-container\">\n\t\t\t\t\t\t\t<div class=\"elementor-spacer\">\n\t\t\t<div class=\"elementor-spacer-inner\"><\/div>\n\t\t<\/div>\n\t\t\t\t\t\t<\/div>\n\t\t\t\t<\/div>\n\t\t\t\t\t<\/div>\n\t\t\t\t<\/div>\n\t\t<div class=\"elementor-element elementor-element-ea3bc53 e-flex e-con-boxed e-con e-parent\" data-id=\"ea3bc53\" data-element_type=\"container\" data-e-type=\"container\">\n\t\t\t\t\t<div class=\"e-con-inner\">\n\t\t<div class=\"elementor-element elementor-element-64888b2 e-con-full e-flex e-con e-child\" data-id=\"64888b2\" data-element_type=\"container\" data-e-type=\"container\">\n\t\t\t\t<div class=\"elementor-element elementor-element-602f8bd elementor-widget elementor-widget-image\" data-id=\"602f8bd\" data-element_type=\"widget\" data-e-type=\"widget\" data-widget_type=\"image.default\">\n\t\t\t\t<div class=\"elementor-widget-container\">\n\t\t\t\t\t\t\t\t\t\t\t\t\t\t\t<img fetchpriority=\"high\" decoding=\"async\" width=\"525\" height=\"350\" src=\"https:\/\/www.adlers-innsbruck.com\/wp-content\/uploads\/2025\/02\/Hotel_aDLERS_Innsbruck_Panorama_Classic_Zimmer_5-1024x683.jpg\" class=\"attachment-large size-large wp-image-7937\" alt=\"\" srcset=\"https:\/\/www.adlers-innsbruck.com\/wp-content\/uploads\/2025\/02\/Hotel_aDLERS_Innsbruck_Panorama_Classic_Zimmer_5-1024x683.jpg 1024w, https:\/\/www.adlers-innsbruck.com\/wp-content\/uploads\/2025\/02\/Hotel_aDLERS_Innsbruck_Panorama_Classic_Zimmer_5-300x200.jpg 300w, https:\/\/www.adlers-innsbruck.com\/wp-content\/uploads\/2025\/02\/Hotel_aDLERS_Innsbruck_Panorama_Classic_Zimmer_5-768x512.jpg 768w, https:\/\/www.adlers-innsbruck.com\/wp-content\/uploads\/2025\/02\/Hotel_aDLERS_Innsbruck_Panorama_Classic_Zimmer_5-809x540.jpg 809w, https:\/\/www.adlers-innsbruck.com\/wp-content\/uploads\/2025\/02\/Hotel_aDLERS_Innsbruck_Panorama_Classic_Zimmer_5.jpg 1500w\" sizes=\"(max-width: 525px) 100vw, 525px\" \/>\t\t\t\t\t\t\t\t\t\t\t\t\t\t\t<\/div>\n\t\t\t\t<\/div>\n\t\t\t\t<\/div>\n\t\t<div class=\"elementor-element elementor-element-c37faf8 e-con-full e-flex e-con e-child\" data-id=\"c37faf8\" data-element_type=\"container\" data-e-type=\"container\">\n\t\t\t\t<div class=\"elementor-element elementor-element-2a445d1 elementor-widget__width-initial elementor-widget elementor-widget-text-editor\" data-id=\"2a445d1\" data-element_type=\"widget\" data-e-type=\"widget\" data-widget_type=\"text-editor.default\">\n\t\t\t\t<div class=\"elementor-widget-container\">\n\t\t\t\t\t\t\t\t\t<h4>Zimmer mit Panoramablick<\/h4>\n\t\t\t\t\t\t\t\t<\/div>\n\t\t\t\t<\/div>\n\t\t\t\t<div class=\"elementor-element elementor-element-921d0af elementor-widget elementor-widget-text-editor\" data-id=\"921d0af\" data-element_type=\"widget\" data-e-type=\"widget\" data-widget_type=\"text-editor.default\">\n\t\t\t\t<div class=\"elementor-widget-container\">\n\t\t\t\t\t\t\t\t\t<p><span>Erleben Sie die alpin-urbane Essenz Innsbrucks. Unsere stilvollen Panorama-Zimmer kombinieren modernes Design mit spektakul\u00e4rem Blick auf die Alpen. Ankommen, durchatmen und au\u00dfergew\u00f6hnlich \u00fcbernachten.<\/span><\/p>\n\t\t\t\t\t\t\t\t<\/div>\n\t\t\t\t<\/div>\n\t\t\t\t<div class=\"elementor-element elementor-element-7f90358 elementor-align-left elementor-widget elementor-widget-button\" data-id=\"7f90358\" data-element_type=\"widget\" data-e-type=\"widget\" data-widget_type=\"button.default\">\n\t\t\t\t<div class=\"elementor-widget-container\">\n\t\t\t\t\t\t\t\t\t<div class=\"elementor-button-wrapper\">\n\t\t\t\t\t<a class=\"elementor-button elementor-button-link elementor-size-sm elementor-animation-grow\" href=\"https:\/\/www.adlers-innsbruck.com\/en\/rooms\/\" target=\"_blank\">\n\t\t\t\t\t\t<span class=\"elementor-button-content-wrapper\">\n\t\t\t\t\t\t<span class=\"elementor-button-icon\">\n\t\t\t\t<svg aria-hidden=\"true\" class=\"e-font-icon-svg e-fas-arrow-right\" viewBox=\"0 0 448 512\" xmlns=\"http:\/\/www.w3.org\/2000\/svg\"><path d=\"M190.5 66.9l22.2-22.2c9.4-9.4 24.6-9.4 33.9 0L441 239c9.4 9.4 9.4 24.6 0 33.9L246.6 467.3c-9.4 9.4-24.6 9.4-33.9 0l-22.2-22.2c-9.5-9.5-9.3-25 .4-34.3L311.4 296H24c-13.3 0-24-10.7-24-24v-32c0-13.3 10.7-24 24-24h287.4L190.9 101.2c-9.8-9.3-10-24.8-.4-34.3z\"><\/path><\/svg>\t\t\t<\/span>\n\t\t\t\t\t\t\t\t\t<span class=\"elementor-button-text\">Jetzt Entdecken<\/span>\n\t\t\t\t\t<\/span>\n\t\t\t\t\t<\/a>\n\t\t\t\t<\/div>\n\t\t\t\t\t\t\t\t<\/div>\n\t\t\t\t<\/div>\n\t\t\t\t<\/div>\n\t\t\t\t\t<\/div>\n\t\t\t\t<\/div>\n\t\t<div class=\"elementor-element elementor-element-4e380db e-flex e-con-boxed e-con e-parent\" data-id=\"4e380db\" data-element_type=\"container\" data-e-type=\"container\">\n\t\t\t\t\t<div class=\"e-con-inner\">\n\t\t\t\t<div class=\"elementor-element elementor-element-db201e0 elementor-widget elementor-widget-spacer\" data-id=\"db201e0\" data-element_type=\"widget\" data-e-type=\"widget\" data-widget_type=\"spacer.default\">\n\t\t\t\t<div class=\"elementor-widget-container\">\n\t\t\t\t\t\t\t<div class=\"elementor-spacer\">\n\t\t\t<div class=\"elementor-spacer-inner\"><\/div>\n\t\t<\/div>\n\t\t\t\t\t\t<\/div>\n\t\t\t\t<\/div>\n\t\t\t\t\t<\/div>\n\t\t\t\t<\/div>\n\t\t<div class=\"elementor-element elementor-element-e7efc90 e-flex e-con-boxed e-con e-parent\" data-id=\"e7efc90\" data-element_type=\"container\" data-e-type=\"container\">\n\t\t\t\t\t<div class=\"e-con-inner\">\n\t\t<div class=\"elementor-element elementor-element-92aabe5 e-con-full e-flex e-con e-child\" data-id=\"92aabe5\" data-element_type=\"container\" data-e-type=\"container\">\n\t\t\t\t<div class=\"elementor-element elementor-element-68fd9e3 elementor-widget elementor-widget-image\" data-id=\"68fd9e3\" data-element_type=\"widget\" data-e-type=\"widget\" data-widget_type=\"image.default\">\n\t\t\t\t<div class=\"elementor-widget-container\">\n\t\t\t\t\t\t\t\t\t\t\t\t\t\t\t<img decoding=\"async\" width=\"525\" height=\"350\" src=\"https:\/\/www.adlers-innsbruck.com\/wp-content\/uploads\/2023\/07\/230503-aDLERS-Fruehstuecksetting-\u00a9flomitteregger-2-2-1024x683.jpg\" class=\"attachment-large size-large wp-image-6246\" alt=\"Ein gedeckter Fr\u00fchst\u00fcckstisch f\u00fcr zwei Personen mit verschiedenen Leckereien steht an einer Glasscheibe\" srcset=\"https:\/\/www.adlers-innsbruck.com\/wp-content\/uploads\/2023\/07\/230503-aDLERS-Fruehstuecksetting-\u00a9flomitteregger-2-2-1024x683.jpg 1024w, https:\/\/www.adlers-innsbruck.com\/wp-content\/uploads\/2023\/07\/230503-aDLERS-Fruehstuecksetting-\u00a9flomitteregger-2-2-300x200.jpg 300w, https:\/\/www.adlers-innsbruck.com\/wp-content\/uploads\/2023\/07\/230503-aDLERS-Fruehstuecksetting-\u00a9flomitteregger-2-2-768x512.jpg 768w, https:\/\/www.adlers-innsbruck.com\/wp-content\/uploads\/2023\/07\/230503-aDLERS-Fruehstuecksetting-\u00a9flomitteregger-2-2-809x540.jpg 809w, https:\/\/www.adlers-innsbruck.com\/wp-content\/uploads\/2023\/07\/230503-aDLERS-Fruehstuecksetting-\u00a9flomitteregger-2-2.jpg 1500w\" sizes=\"(max-width: 525px) 100vw, 525px\" \/>\t\t\t\t\t\t\t\t\t\t\t\t\t\t\t<\/div>\n\t\t\t\t<\/div>\n\t\t\t\t<\/div>\n\t\t<div class=\"elementor-element elementor-element-31f1eb9 e-con-full e-flex e-con e-child\" data-id=\"31f1eb9\" data-element_type=\"container\" data-e-type=\"container\">\n\t\t\t\t<div class=\"elementor-element elementor-element-2802c8e elementor-widget__width-initial elementor-widget elementor-widget-text-editor\" data-id=\"2802c8e\" data-element_type=\"widget\" data-e-type=\"widget\" data-widget_type=\"text-editor.default\">\n\t\t\t\t<div class=\"elementor-widget-container\">\n\t\t\t\t\t\t\t\t\t<h4>Unser Fr\u00fchst\u00fcck<\/h4>\n\t\t\t\t\t\t\t\t<\/div>\n\t\t\t\t<\/div>\n\t\t\t\t<div class=\"elementor-element elementor-element-0885302 elementor-widget elementor-widget-text-editor\" data-id=\"0885302\" data-element_type=\"widget\" data-e-type=\"widget\" data-widget_type=\"text-editor.default\">\n\t\t\t\t<div class=\"elementor-widget-container\">\n\t\t\t\t\t\t\t\t\t<p><span>Starten Sie den Tag mit unserem preisgekr\u00f6nten Fr\u00fchst\u00fcck und Panoramablick. Unser Buffet verw\u00f6hnt Sie mit ofenfrischem Brot, regionalen K\u00e4se- und Wurstspezialit\u00e4ten, veganen Alternativen, vitalen Optionen und vielem mehr. S\u00fc\u00df oder herzhaft \u2013 hier findet jeder sein Lieblingsfr\u00fchst\u00fcck.<\/span><\/p>\n\t\t\t\t\t\t\t\t<\/div>\n\t\t\t\t<\/div>\n\t\t\t\t<div class=\"elementor-element elementor-element-769420a elementor-align-left elementor-widget elementor-widget-button\" data-id=\"769420a\" data-element_type=\"widget\" data-e-type=\"widget\" data-widget_type=\"button.default\">\n\t\t\t\t<div class=\"elementor-widget-container\">\n\t\t\t\t\t\t\t\t\t<div class=\"elementor-button-wrapper\">\n\t\t\t\t\t<a class=\"elementor-button elementor-button-link elementor-size-sm elementor-animation-grow\" href=\"https:\/\/www.adlers-innsbruck.com\/en\/breakfast-brunch\/\" target=\"_blank\">\n\t\t\t\t\t\t<span class=\"elementor-button-content-wrapper\">\n\t\t\t\t\t\t<span class=\"elementor-button-icon\">\n\t\t\t\t<svg aria-hidden=\"true\" class=\"e-font-icon-svg e-fas-arrow-right\" viewBox=\"0 0 448 512\" xmlns=\"http:\/\/www.w3.org\/2000\/svg\"><path d=\"M190.5 66.9l22.2-22.2c9.4-9.4 24.6-9.4 33.9 0L441 239c9.4 9.4 9.4 24.6 0 33.9L246.6 467.3c-9.4 9.4-24.6 9.4-33.9 0l-22.2-22.2c-9.5-9.5-9.3-25 .4-34.3L311.4 296H24c-13.3 0-24-10.7-24-24v-32c0-13.3 10.7-24 24-24h287.4L190.9 101.2c-9.8-9.3-10-24.8-.4-34.3z\"><\/path><\/svg>\t\t\t<\/span>\n\t\t\t\t\t\t\t\t\t<span class=\"elementor-button-text\">Jetzt Entdecken<\/span>\n\t\t\t\t\t<\/span>\n\t\t\t\t\t<\/a>\n\t\t\t\t<\/div>\n\t\t\t\t\t\t\t\t<\/div>\n\t\t\t\t<\/div>\n\t\t\t\t<\/div>\n\t\t\t\t\t<\/div>\n\t\t\t\t<\/div>\n\t\t<div class=\"elementor-element elementor-element-dd0954c e-flex e-con-boxed e-con e-parent\" data-id=\"dd0954c\" data-element_type=\"container\" data-e-type=\"container\">\n\t\t\t\t\t<div class=\"e-con-inner\">\n\t\t\t\t<div class=\"elementor-element elementor-element-06a32aa elementor-widget elementor-widget-spacer\" data-id=\"06a32aa\" data-element_type=\"widget\" data-e-type=\"widget\" data-widget_type=\"spacer.default\">\n\t\t\t\t<div class=\"elementor-widget-container\">\n\t\t\t\t\t\t\t<div class=\"elementor-spacer\">\n\t\t\t<div class=\"elementor-spacer-inner\"><\/div>\n\t\t<\/div>\n\t\t\t\t\t\t<\/div>\n\t\t\t\t<\/div>\n\t\t\t\t\t<\/div>\n\t\t\t\t<\/div>\n\t\t<div class=\"elementor-element elementor-element-0924be8 e-flex e-con-boxed e-con e-parent\" data-id=\"0924be8\" data-element_type=\"container\" data-e-type=\"container\">\n\t\t\t\t\t<div class=\"e-con-inner\">\n\t\t<div class=\"elementor-element elementor-element-0d01d75 e-con-full e-flex e-con e-child\" data-id=\"0d01d75\" data-element_type=\"container\" data-e-type=\"container\">\n\t\t\t\t<div class=\"elementor-element elementor-element-73042ae elementor-widget elementor-widget-image\" data-id=\"73042ae\" data-element_type=\"widget\" data-e-type=\"widget\" data-widget_type=\"image.default\">\n\t\t\t\t<div class=\"elementor-widget-container\">\n\t\t\t\t\t\t\t\t\t\t\t\t\t\t\t<img decoding=\"async\" width=\"525\" height=\"350\" src=\"https:\/\/www.adlers-innsbruck.com\/wp-content\/uploads\/2023\/02\/adlers_hotel_innsbruck_span_sauna_1-1024x683.jpg\" class=\"attachment-large size-large wp-image-6049\" alt=\"Eine Frau sitzt mit Bademantel in der Sauna\" srcset=\"https:\/\/www.adlers-innsbruck.com\/wp-content\/uploads\/2023\/02\/adlers_hotel_innsbruck_span_sauna_1-1024x683.jpg 1024w, https:\/\/www.adlers-innsbruck.com\/wp-content\/uploads\/2023\/02\/adlers_hotel_innsbruck_span_sauna_1-300x200.jpg 300w, https:\/\/www.adlers-innsbruck.com\/wp-content\/uploads\/2023\/02\/adlers_hotel_innsbruck_span_sauna_1-768x512.jpg 768w, https:\/\/www.adlers-innsbruck.com\/wp-content\/uploads\/2023\/02\/adlers_hotel_innsbruck_span_sauna_1-809x540.jpg 809w, https:\/\/www.adlers-innsbruck.com\/wp-content\/uploads\/2023\/02\/adlers_hotel_innsbruck_span_sauna_1.jpg 1500w\" sizes=\"(max-width: 525px) 100vw, 525px\" \/>\t\t\t\t\t\t\t\t\t\t\t\t\t\t\t<\/div>\n\t\t\t\t<\/div>\n\t\t\t\t<\/div>\n\t\t<div class=\"elementor-element elementor-element-aadd69a e-con-full e-flex e-con e-child\" data-id=\"aadd69a\" data-element_type=\"container\" data-e-type=\"container\">\n\t\t\t\t<div class=\"elementor-element elementor-element-a91c08e elementor-widget__width-initial elementor-widget elementor-widget-text-editor\" data-id=\"a91c08e\" data-element_type=\"widget\" data-e-type=\"widget\" data-widget_type=\"text-editor.default\">\n\t\t\t\t<div class=\"elementor-widget-container\">\n\t\t\t\t\t\t\t\t\t<h4>Der Spa-Bereich<\/h4>\n\t\t\t\t\t\t\t\t<\/div>\n\t\t\t\t<\/div>\n\t\t\t\t<div class=\"elementor-element elementor-element-a386cd4 elementor-widget elementor-widget-text-editor\" data-id=\"a386cd4\" data-element_type=\"widget\" data-e-type=\"widget\" data-widget_type=\"text-editor.default\">\n\t\t\t\t<div class=\"elementor-widget-container\">\n\t\t\t\t\t\t\t\t\t<p><span>Im 11. Stock genie\u00dfen Sie exklusive Entspannung mit Aussicht: Sauna, Dampfbad, Massagen \u2013 R\u00fcckzug, Ruhe und Regeneration hoch \u00fcber den D\u00e4chern der Stadt, mit Blick auf die majest\u00e4tischen Alpen.<\/span><\/p>\n\t\t\t\t\t\t\t\t<\/div>\n\t\t\t\t<\/div>\n\t\t\t\t<div class=\"elementor-element elementor-element-7d45e2e elementor-align-left elementor-widget elementor-widget-button\" data-id=\"7d45e2e\" data-element_type=\"widget\" data-e-type=\"widget\" data-widget_type=\"button.default\">\n\t\t\t\t<div class=\"elementor-widget-container\">\n\t\t\t\t\t\t\t\t\t<div class=\"elementor-button-wrapper\">\n\t\t\t\t\t<a class=\"elementor-button elementor-button-link elementor-size-sm elementor-animation-grow\" href=\"https:\/\/www.adlers-innsbruck.com\/en\/spa-2\/\" target=\"_blank\">\n\t\t\t\t\t\t<span class=\"elementor-button-content-wrapper\">\n\t\t\t\t\t\t<span class=\"elementor-button-icon\">\n\t\t\t\t<svg aria-hidden=\"true\" class=\"e-font-icon-svg e-fas-arrow-right\" viewBox=\"0 0 448 512\" xmlns=\"http:\/\/www.w3.org\/2000\/svg\"><path d=\"M190.5 66.9l22.2-22.2c9.4-9.4 24.6-9.4 33.9 0L441 239c9.4 9.4 9.4 24.6 0 33.9L246.6 467.3c-9.4 9.4-24.6 9.4-33.9 0l-22.2-22.2c-9.5-9.5-9.3-25 .4-34.3L311.4 296H24c-13.3 0-24-10.7-24-24v-32c0-13.3 10.7-24 24-24h287.4L190.9 101.2c-9.8-9.3-10-24.8-.4-34.3z\"><\/path><\/svg>\t\t\t<\/span>\n\t\t\t\t\t\t\t\t\t<span class=\"elementor-button-text\">Jetzt Entdecken<\/span>\n\t\t\t\t\t<\/span>\n\t\t\t\t\t<\/a>\n\t\t\t\t<\/div>\n\t\t\t\t\t\t\t\t<\/div>\n\t\t\t\t<\/div>\n\t\t\t\t<\/div>\n\t\t\t\t\t<\/div>\n\t\t\t\t<\/div>\n\t\t<div class=\"elementor-element elementor-element-ada5dd7 e-flex e-con-boxed e-con e-parent\" data-id=\"ada5dd7\" data-element_type=\"container\" data-e-type=\"container\">\n\t\t\t\t\t<div class=\"e-con-inner\">\n\t\t\t\t<div class=\"elementor-element elementor-element-5e495b9 elementor-widget elementor-widget-spacer\" data-id=\"5e495b9\" data-element_type=\"widget\" data-e-type=\"widget\" data-widget_type=\"spacer.default\">\n\t\t\t\t<div class=\"elementor-widget-container\">\n\t\t\t\t\t\t\t<div class=\"elementor-spacer\">\n\t\t\t<div class=\"elementor-spacer-inner\"><\/div>\n\t\t<\/div>\n\t\t\t\t\t\t<\/div>\n\t\t\t\t<\/div>\n\t\t\t\t\t<\/div>\n\t\t\t\t<\/div>\n\t\t<div class=\"elementor-element elementor-element-34af010 e-flex e-con-boxed e-con e-parent\" data-id=\"34af010\" data-element_type=\"container\" data-e-type=\"container\">\n\t\t\t\t\t<div class=\"e-con-inner\">\n\t\t<div class=\"elementor-element elementor-element-fa186af e-con-full e-flex e-con e-child\" data-id=\"fa186af\" data-element_type=\"container\" data-e-type=\"container\">\n\t\t\t\t<div class=\"elementor-element elementor-element-de86002 elementor-widget elementor-widget-image\" data-id=\"de86002\" data-element_type=\"widget\" data-e-type=\"widget\" data-widget_type=\"image.default\">\n\t\t\t\t<div class=\"elementor-widget-container\">\n\t\t\t\t\t\t\t\t\t\t\t\t\t\t\t<img loading=\"lazy\" decoding=\"async\" width=\"525\" height=\"350\" src=\"https:\/\/www.adlers-innsbruck.com\/wp-content\/uploads\/2019\/12\/weitsicht_restaurant_abends_wein-1024x683.jpg\" class=\"attachment-large size-large wp-image-4733\" alt=\"\" srcset=\"https:\/\/www.adlers-innsbruck.com\/wp-content\/uploads\/2019\/12\/weitsicht_restaurant_abends_wein-1024x683.jpg 1024w, https:\/\/www.adlers-innsbruck.com\/wp-content\/uploads\/2019\/12\/weitsicht_restaurant_abends_wein-300x200.jpg 300w, https:\/\/www.adlers-innsbruck.com\/wp-content\/uploads\/2019\/12\/weitsicht_restaurant_abends_wein-768x512.jpg 768w, https:\/\/www.adlers-innsbruck.com\/wp-content\/uploads\/2019\/12\/weitsicht_restaurant_abends_wein-1536x1024.jpg 1536w, https:\/\/www.adlers-innsbruck.com\/wp-content\/uploads\/2019\/12\/weitsicht_restaurant_abends_wein-2048x1366.jpg 2048w\" sizes=\"(max-width: 525px) 100vw, 525px\" \/>\t\t\t\t\t\t\t\t\t\t\t\t\t\t\t<\/div>\n\t\t\t\t<\/div>\n\t\t\t\t<\/div>\n\t\t<div class=\"elementor-element elementor-element-6aae969 e-con-full e-flex e-con e-child\" data-id=\"6aae969\" data-element_type=\"container\" data-e-type=\"container\">\n\t\t\t\t<div class=\"elementor-element elementor-element-d9b4e10 elementor-widget__width-initial elementor-widget elementor-widget-text-editor\" data-id=\"d9b4e10\" data-element_type=\"widget\" data-e-type=\"widget\" data-widget_type=\"text-editor.default\">\n\t\t\t\t<div class=\"elementor-widget-container\">\n\t\t\t\t\t\t\t\t\t<h4>Das Restaurant weitsicht<\/h4>\n\t\t\t\t\t\t\t\t<\/div>\n\t\t\t\t<\/div>\n\t\t\t\t<div class=\"elementor-element elementor-element-6e509db elementor-widget elementor-widget-text-editor\" data-id=\"6e509db\" data-element_type=\"widget\" data-e-type=\"widget\" data-widget_type=\"text-editor.default\">\n\t\t\t\t<div class=\"elementor-widget-container\">\n\t\t\t\t\t\t\t\t\t<p><span>Genuss mit Aussicht: Im 12. Stock servieren wir moderne K\u00fcche mit regionaler Note und internationalem Flair. Saisonale Gerichte, kreative Men\u00fcs und ein einzigartiges Panorama machen Fr\u00fchst\u00fcck, Lunch oder Dinner zum Erlebnis.<\/span><\/p>\n\t\t\t\t\t\t\t\t<\/div>\n\t\t\t\t<\/div>\n\t\t\t\t<div class=\"elementor-element elementor-element-9fc96e5 elementor-align-left elementor-widget elementor-widget-button\" data-id=\"9fc96e5\" data-element_type=\"widget\" data-e-type=\"widget\" data-widget_type=\"button.default\">\n\t\t\t\t<div class=\"elementor-widget-container\">\n\t\t\t\t\t\t\t\t\t<div class=\"elementor-button-wrapper\">\n\t\t\t\t\t<a class=\"elementor-button elementor-button-link elementor-size-sm elementor-animation-grow\" href=\"https:\/\/www.weitsicht-innsbruck.at\/\" target=\"_blank\">\n\t\t\t\t\t\t<span class=\"elementor-button-content-wrapper\">\n\t\t\t\t\t\t<span class=\"elementor-button-icon\">\n\t\t\t\t<svg aria-hidden=\"true\" class=\"e-font-icon-svg e-fas-arrow-right\" viewBox=\"0 0 448 512\" xmlns=\"http:\/\/www.w3.org\/2000\/svg\"><path d=\"M190.5 66.9l22.2-22.2c9.4-9.4 24.6-9.4 33.9 0L441 239c9.4 9.4 9.4 24.6 0 33.9L246.6 467.3c-9.4 9.4-24.6 9.4-33.9 0l-22.2-22.2c-9.5-9.5-9.3-25 .4-34.3L311.4 296H24c-13.3 0-24-10.7-24-24v-32c0-13.3 10.7-24 24-24h287.4L190.9 101.2c-9.8-9.3-10-24.8-.4-34.3z\"><\/path><\/svg>\t\t\t<\/span>\n\t\t\t\t\t\t\t\t\t<span class=\"elementor-button-text\">Jetzt Entdecken<\/span>\n\t\t\t\t\t<\/span>\n\t\t\t\t\t<\/a>\n\t\t\t\t<\/div>\n\t\t\t\t\t\t\t\t<\/div>\n\t\t\t\t<\/div>\n\t\t\t\t<\/div>\n\t\t\t\t\t<\/div>\n\t\t\t\t<\/div>\n\t\t<div class=\"elementor-element elementor-element-52a317e e-flex e-con-boxed e-con e-parent\" data-id=\"52a317e\" data-element_type=\"container\" data-e-type=\"container\">\n\t\t\t\t\t<div class=\"e-con-inner\">\n\t\t\t\t<div class=\"elementor-element elementor-element-28040dc elementor-widget elementor-widget-spacer\" data-id=\"28040dc\" data-element_type=\"widget\" data-e-type=\"widget\" data-widget_type=\"spacer.default\">\n\t\t\t\t<div class=\"elementor-widget-container\">\n\t\t\t\t\t\t\t<div class=\"elementor-spacer\">\n\t\t\t<div class=\"elementor-spacer-inner\"><\/div>\n\t\t<\/div>\n\t\t\t\t\t\t<\/div>\n\t\t\t\t<\/div>\n\t\t\t\t\t<\/div>\n\t\t\t\t<\/div>\n\t\t<div class=\"elementor-element elementor-element-abfdcfe e-flex e-con-boxed e-con e-parent\" data-id=\"abfdcfe\" data-element_type=\"container\" data-e-type=\"container\">\n\t\t\t\t\t<div class=\"e-con-inner\">\n\t\t<div class=\"elementor-element elementor-element-6846080 e-con-full e-flex e-con e-child\" data-id=\"6846080\" data-element_type=\"container\" data-e-type=\"container\">\n\t\t\t\t<div class=\"elementor-element elementor-element-aea40ed elementor-widget elementor-widget-image\" data-id=\"aea40ed\" data-element_type=\"widget\" data-e-type=\"widget\" data-widget_type=\"image.default\">\n\t\t\t\t<div class=\"elementor-widget-container\">\n\t\t\t\t\t\t\t\t\t\t\t\t\t\t\t<img loading=\"lazy\" decoding=\"async\" width=\"525\" height=\"350\" src=\"https:\/\/www.adlers-innsbruck.com\/wp-content\/uploads\/2023\/02\/20210719-aDLERS-Terrasse-Mitteregger-3-1024x683.jpg\" class=\"attachment-large size-large wp-image-6033\" alt=\"Eine Person h\u00e4lt ein Getr\u00e4nk in der Hand, auf dem beistehenden Tisch steht ein weiteres Getr\u00e4nk\" srcset=\"https:\/\/www.adlers-innsbruck.com\/wp-content\/uploads\/2023\/02\/20210719-aDLERS-Terrasse-Mitteregger-3-1024x683.jpg 1024w, https:\/\/www.adlers-innsbruck.com\/wp-content\/uploads\/2023\/02\/20210719-aDLERS-Terrasse-Mitteregger-3-300x200.jpg 300w, https:\/\/www.adlers-innsbruck.com\/wp-content\/uploads\/2023\/02\/20210719-aDLERS-Terrasse-Mitteregger-3-768x512.jpg 768w, https:\/\/www.adlers-innsbruck.com\/wp-content\/uploads\/2023\/02\/20210719-aDLERS-Terrasse-Mitteregger-3-809x540.jpg 809w, https:\/\/www.adlers-innsbruck.com\/wp-content\/uploads\/2023\/02\/20210719-aDLERS-Terrasse-Mitteregger-3.jpg 1500w\" sizes=\"(max-width: 525px) 100vw, 525px\" \/>\t\t\t\t\t\t\t\t\t\t\t\t\t\t\t<\/div>\n\t\t\t\t<\/div>\n\t\t\t\t<\/div>\n\t\t<div class=\"elementor-element elementor-element-0616978 e-con-full e-flex e-con e-child\" data-id=\"0616978\" data-element_type=\"container\" data-e-type=\"container\">\n\t\t\t\t<div class=\"elementor-element elementor-element-4e0505c elementor-widget__width-initial elementor-widget elementor-widget-text-editor\" data-id=\"4e0505c\" data-element_type=\"widget\" data-e-type=\"widget\" data-widget_type=\"text-editor.default\">\n\t\t\t\t<div class=\"elementor-widget-container\">\n\t\t\t\t\t\t\t\t\t<h4>Die ADLERS Bar<\/h4>\n\t\t\t\t\t\t\t\t<\/div>\n\t\t\t\t<\/div>\n\t\t\t\t<div class=\"elementor-element elementor-element-8417f99 elementor-widget elementor-widget-text-editor\" data-id=\"8417f99\" data-element_type=\"widget\" data-e-type=\"widget\" data-widget_type=\"text-editor.default\">\n\t\t\t\t<div class=\"elementor-widget-container\">\n\t\t\t\t\t\t\t\t\t<p><span>In der 12. Etage erwartet Sie die stylische ADLERS Bar mit kreativen Cocktails, DJ-Sounds und atemberaubendem Ausblick. Von Mai bis September l\u00e4dt die Havana Rooftop Terrasse zu entspannten Abenden im kubanischen Stil \u00fcber den Lichtern der Stadt.<\/span><\/p>\n\t\t\t\t\t\t\t\t<\/div>\n\t\t\t\t<\/div>\n\t\t\t\t<div class=\"elementor-element elementor-element-c88bbe0 elementor-align-left elementor-widget elementor-widget-button\" data-id=\"c88bbe0\" data-element_type=\"widget\" data-e-type=\"widget\" data-widget_type=\"button.default\">\n\t\t\t\t<div class=\"elementor-widget-container\">\n\t\t\t\t\t\t\t\t\t<div class=\"elementor-button-wrapper\">\n\t\t\t\t\t<a class=\"elementor-button elementor-button-link elementor-size-sm elementor-animation-grow\" href=\"https:\/\/www.adlers-innsbruck.com\/en\/bar-rooftop\/\" target=\"_blank\">\n\t\t\t\t\t\t<span class=\"elementor-button-content-wrapper\">\n\t\t\t\t\t\t<span class=\"elementor-button-icon\">\n\t\t\t\t<svg aria-hidden=\"true\" class=\"e-font-icon-svg e-fas-arrow-right\" viewBox=\"0 0 448 512\" xmlns=\"http:\/\/www.w3.org\/2000\/svg\"><path d=\"M190.5 66.9l22.2-22.2c9.4-9.4 24.6-9.4 33.9 0L441 239c9.4 9.4 9.4 24.6 0 33.9L246.6 467.3c-9.4 9.4-24.6 9.4-33.9 0l-22.2-22.2c-9.5-9.5-9.3-25 .4-34.3L311.4 296H24c-13.3 0-24-10.7-24-24v-32c0-13.3 10.7-24 24-24h287.4L190.9 101.2c-9.8-9.3-10-24.8-.4-34.3z\"><\/path><\/svg>\t\t\t<\/span>\n\t\t\t\t\t\t\t\t\t<span class=\"elementor-button-text\">Jetzt Entdecken<\/span>\n\t\t\t\t\t<\/span>\n\t\t\t\t\t<\/a>\n\t\t\t\t<\/div>\n\t\t\t\t\t\t\t\t<\/div>\n\t\t\t\t<\/div>\n\t\t\t\t<\/div>\n\t\t\t\t\t<\/div>\n\t\t\t\t<\/div>\n\t\t<div class=\"elementor-element elementor-element-225a4a6 e-flex e-con-boxed e-con e-parent\" data-id=\"225a4a6\" data-element_type=\"container\" data-e-type=\"container\">\n\t\t\t\t\t<div class=\"e-con-inner\">\n\t\t\t\t<div class=\"elementor-element elementor-element-7637e91 elementor-widget elementor-widget-spacer\" data-id=\"7637e91\" data-element_type=\"widget\" data-e-type=\"widget\" data-widget_type=\"spacer.default\">\n\t\t\t\t<div class=\"elementor-widget-container\">\n\t\t\t\t\t\t\t<div class=\"elementor-spacer\">\n\t\t\t<div class=\"elementor-spacer-inner\"><\/div>\n\t\t<\/div>\n\t\t\t\t\t\t<\/div>\n\t\t\t\t<\/div>\n\t\t\t\t\t<\/div>\n\t\t\t\t<\/div>\n\t\t<div class=\"elementor-element elementor-element-c9a2946 e-flex e-con-boxed e-con e-parent\" data-id=\"c9a2946\" data-element_type=\"container\" data-e-type=\"container\">\n\t\t\t\t\t<div class=\"e-con-inner\">\n\t\t<div class=\"elementor-element elementor-element-347da27 e-con-full e-flex e-con e-child\" data-id=\"347da27\" data-element_type=\"container\" data-e-type=\"container\">\n\t\t\t\t<div class=\"elementor-element elementor-element-d39c905 elementor-widget elementor-widget-image\" data-id=\"d39c905\" data-element_type=\"widget\" data-e-type=\"widget\" data-widget_type=\"image.default\">\n\t\t\t\t<div class=\"elementor-widget-container\">\n\t\t\t\t\t\t\t\t\t\t\t\t\t\t\t<img loading=\"lazy\" decoding=\"async\" width=\"525\" height=\"350\" src=\"https:\/\/www.adlers-innsbruck.com\/wp-content\/uploads\/2019\/12\/202011-aDLERS-Seminarraeume-11-1024x683.jpg\" class=\"attachment-large size-large wp-image-5229\" alt=\"\" srcset=\"https:\/\/www.adlers-innsbruck.com\/wp-content\/uploads\/2019\/12\/202011-aDLERS-Seminarraeume-11-1024x683.jpg 1024w, https:\/\/www.adlers-innsbruck.com\/wp-content\/uploads\/2019\/12\/202011-aDLERS-Seminarraeume-11-300x200.jpg 300w, https:\/\/www.adlers-innsbruck.com\/wp-content\/uploads\/2019\/12\/202011-aDLERS-Seminarraeume-11-768x512.jpg 768w, https:\/\/www.adlers-innsbruck.com\/wp-content\/uploads\/2019\/12\/202011-aDLERS-Seminarraeume-11-1536x1024.jpg 1536w, https:\/\/www.adlers-innsbruck.com\/wp-content\/uploads\/2019\/12\/202011-aDLERS-Seminarraeume-11-2048x1365.jpg 2048w, https:\/\/www.adlers-innsbruck.com\/wp-content\/uploads\/2019\/12\/202011-aDLERS-Seminarraeume-11-809x540.jpg 809w\" sizes=\"(max-width: 525px) 100vw, 525px\" \/>\t\t\t\t\t\t\t\t\t\t\t\t\t\t\t<\/div>\n\t\t\t\t<\/div>\n\t\t\t\t<\/div>\n\t\t<div class=\"elementor-element elementor-element-df347e7 e-con-full e-flex e-con e-child\" data-id=\"df347e7\" data-element_type=\"container\" data-e-type=\"container\">\n\t\t\t\t<div class=\"elementor-element elementor-element-8345931 elementor-widget__width-initial elementor-widget elementor-widget-text-editor\" data-id=\"8345931\" data-element_type=\"widget\" data-e-type=\"widget\" data-widget_type=\"text-editor.default\">\n\t\t\t\t<div class=\"elementor-widget-container\">\n\t\t\t\t\t\t\t\t\t<h4>Seminare &amp; Feste<\/h4>\n\t\t\t\t\t\t\t\t<\/div>\n\t\t\t\t<\/div>\n\t\t\t\t<div class=\"elementor-element elementor-element-7b9a684 elementor-widget elementor-widget-text-editor\" data-id=\"7b9a684\" data-element_type=\"widget\" data-e-type=\"widget\" data-widget_type=\"text-editor.default\">\n\t\t\t\t<div class=\"elementor-widget-container\">\n\t\t\t\t\t\t\t\t\t<p><span>Ob Tagung, Hochzeit oder Feier \u2013 unsere modernen R\u00e4umlichkeiten mit Panoramablick bieten den perfekten Rahmen f\u00fcr besondere Anl\u00e4sse. Mit pers\u00f6nlichem Service und stilvollem Ambiente wird hier jedes Event zur bleibenden Erinnerung.<\/span><\/p>\n\t\t\t\t\t\t\t\t<\/div>\n\t\t\t\t<\/div>\n\t\t\t\t<div class=\"elementor-element elementor-element-fdcf520 elementor-align-left elementor-widget elementor-widget-button\" data-id=\"fdcf520\" data-element_type=\"widget\" data-e-type=\"widget\" data-widget_type=\"button.default\">\n\t\t\t\t<div class=\"elementor-widget-container\">\n\t\t\t\t\t\t\t\t\t<div class=\"elementor-button-wrapper\">\n\t\t\t\t\t<a class=\"elementor-button elementor-button-link elementor-size-sm elementor-animation-grow\" href=\"https:\/\/www.adlers-innsbruck.com\/en\/meetings-celebrations\/\" target=\"_blank\">\n\t\t\t\t\t\t<span class=\"elementor-button-content-wrapper\">\n\t\t\t\t\t\t<span class=\"elementor-button-icon\">\n\t\t\t\t<svg aria-hidden=\"true\" class=\"e-font-icon-svg e-fas-arrow-right\" viewBox=\"0 0 448 512\" xmlns=\"http:\/\/www.w3.org\/2000\/svg\"><path d=\"M190.5 66.9l22.2-22.2c9.4-9.4 24.6-9.4 33.9 0L441 239c9.4 9.4 9.4 24.6 0 33.9L246.6 467.3c-9.4 9.4-24.6 9.4-33.9 0l-22.2-22.2c-9.5-9.5-9.3-25 .4-34.3L311.4 296H24c-13.3 0-24-10.7-24-24v-32c0-13.3 10.7-24 24-24h287.4L190.9 101.2c-9.8-9.3-10-24.8-.4-34.3z\"><\/path><\/svg>\t\t\t<\/span>\n\t\t\t\t\t\t\t\t\t<span class=\"elementor-button-text\">Jetzt Entdecken<\/span>\n\t\t\t\t\t<\/span>\n\t\t\t\t\t<\/a>\n\t\t\t\t<\/div>\n\t\t\t\t\t\t\t\t<\/div>\n\t\t\t\t<\/div>\n\t\t\t\t<\/div>\n\t\t\t\t\t<\/div>\n\t\t\t\t<\/div>\n\t\t<div class=\"elementor-element elementor-element-34eb604 e-flex e-con-boxed e-con e-parent\" data-id=\"34eb604\" data-element_type=\"container\" data-e-type=\"container\">\n\t\t\t\t\t<div class=\"e-con-inner\">\n\t\t\t\t<div class=\"elementor-element elementor-element-7bdb42a elementor-widget elementor-widget-spacer\" data-id=\"7bdb42a\" data-element_type=\"widget\" data-e-type=\"widget\" data-widget_type=\"spacer.default\">\n\t\t\t\t<div class=\"elementor-widget-container\">\n\t\t\t\t\t\t\t<div class=\"elementor-spacer\">\n\t\t\t<div class=\"elementor-spacer-inner\"><\/div>\n\t\t<\/div>\n\t\t\t\t\t\t<\/div>\n\t\t\t\t<\/div>\n\t\t\t\t\t<\/div>\n\t\t\t\t<\/div>\n\t\t<div class=\"elementor-element elementor-element-a33a961 e-flex e-con-boxed e-con e-parent\" data-id=\"a33a961\" data-element_type=\"container\" data-e-type=\"container\">\n\t\t\t\t\t<div class=\"e-con-inner\">\n\t\t\t\t<div class=\"elementor-element elementor-element-29efee5 elementor-widget elementor-widget-html\" data-id=\"29efee5\" data-element_type=\"widget\" data-e-type=\"widget\" data-widget_type=\"html.default\">\n\t\t\t\t<div class=\"elementor-widget-container\">\n\t\t\t\t\t<div id=\"gt1\" style=\"display:block; width:100%;\"><\/div>\r\n<script viewport src=\"https:\/\/widget.giggle.tips\/widget.js?id=gt1&path=adlers&width=100%&fontCol=212529&btCol=B6A180&E&font=Styrene B Web&lang=de&streams=80a53e01-b172-4256-bb95-5e07bcd4f685\"><\/script>\t\t\t\t<\/div>\n\t\t\t\t<\/div>\n\t\t\t\t\t<\/div>\n\t\t\t\t<\/div>\n\t\t<div class=\"elementor-element elementor-element-99631d2 e-flex e-con-boxed e-con e-parent\" data-id=\"99631d2\" data-element_type=\"container\" data-e-type=\"container\">\n\t\t\t\t\t<div class=\"e-con-inner\">\n\t\t\t\t<div class=\"elementor-element elementor-element-847955c elementor-widget elementor-widget-spacer\" data-id=\"847955c\" data-element_type=\"widget\" data-e-type=\"widget\" data-widget_type=\"spacer.default\">\n\t\t\t\t<div class=\"elementor-widget-container\">\n\t\t\t\t\t\t\t<div class=\"elementor-spacer\">\n\t\t\t<div class=\"elementor-spacer-inner\"><\/div>\n\t\t<\/div>\n\t\t\t\t\t\t<\/div>\n\t\t\t\t<\/div>\n\t\t\t\t\t<\/div>\n\t\t\t\t<\/div>\n\t\t<div class=\"elementor-element elementor-element-682d888 e-flex e-con-boxed e-con e-parent\" data-id=\"682d888\" data-element_type=\"container\" data-e-type=\"container\" data-settings=\"{&quot;background_background&quot;:&quot;classic&quot;}\">\n\t\t\t\t\t<div class=\"e-con-inner\">\n\t\t<div class=\"elementor-element elementor-element-3cd5d80c e-con-full e-flex e-con e-child\" data-id=\"3cd5d80c\" data-element_type=\"container\" data-e-type=\"container\">\n\t\t\t\t<div class=\"elementor-element elementor-element-6be1da2 elementor-widget__width-initial elementor-widget elementor-widget-heading\" data-id=\"6be1da2\" data-element_type=\"widget\" data-e-type=\"widget\" data-widget_type=\"heading.default\">\n\t\t\t\t<div class=\"elementor-widget-container\">\n\t\t\t\t\t<h4 class=\"elementor-heading-title elementor-size-xxl\">Kontaktieren Sie uns bei Fragen und Anliegen<\/h4>\t\t\t\t<\/div>\n\t\t\t\t<\/div>\n\t\t<div class=\"elementor-element elementor-element-7c3c1b8c e-con-full e-flex e-con e-child\" data-id=\"7c3c1b8c\" data-element_type=\"container\" data-e-type=\"container\">\n\t\t\t\t<div class=\"elementor-element elementor-element-5d620d91 elementor-widget elementor-widget-text-editor\" data-id=\"5d620d91\" data-element_type=\"widget\" data-e-type=\"widget\" data-widget_type=\"text-editor.default\">\n\t\t\t\t<div class=\"elementor-widget-container\">\n\t\t\t\t\t\t\t\t\t<p>Haben Sie weitere Fragen bez\u00fcglich Ihrer Anfahrt zu unserem Hotel in der Innsbrucker Innenstadt? Melden Sie sich gerne mit Ihrem Anliegen bei uns und wir werden Ihnen mit Rat und Tat zur Seite stehen.\u00a0<\/p>\n\t\t\t\t\t\t\t\t<\/div>\n\t\t\t\t<\/div>\n\t\t\t\t<\/div>\n\t\t\t\t<\/div>\n\t\t<div class=\"elementor-element elementor-element-7827f3d5 e-con-full e-flex e-con e-child\" data-id=\"7827f3d5\" data-element_type=\"container\" data-e-type=\"container\">\n\t\t\t\t<div class=\"elementor-element elementor-element-5432aabc elementor-align-right elementor-widget elementor-widget-button\" data-id=\"5432aabc\" data-element_type=\"widget\" data-e-type=\"widget\" data-widget_type=\"button.default\">\n\t\t\t\t<div class=\"elementor-widget-container\">\n\t\t\t\t\t\t\t\t\t<div class=\"elementor-button-wrapper\">\n\t\t\t\t\t<a class=\"elementor-button elementor-button-link elementor-size-sm elementor-animation-grow\" href=\"https:\/\/www.adlers-innsbruck.com\/en\/contact-arrival\/contact-selection\/\" target=\"_blank\">\n\t\t\t\t\t\t<span class=\"elementor-button-content-wrapper\">\n\t\t\t\t\t\t<span class=\"elementor-button-icon\">\n\t\t\t\t<svg aria-hidden=\"true\" class=\"e-font-icon-svg e-fas-arrow-right\" viewBox=\"0 0 448 512\" xmlns=\"http:\/\/www.w3.org\/2000\/svg\"><path d=\"M190.5 66.9l22.2-22.2c9.4-9.4 24.6-9.4 33.9 0L441 239c9.4 9.4 9.4 24.6 0 33.9L246.6 467.3c-9.4 9.4-24.6 9.4-33.9 0l-22.2-22.2c-9.5-9.5-9.3-25 .4-34.3L311.4 296H24c-13.3 0-24-10.7-24-24v-32c0-13.3 10.7-24 24-24h287.4L190.9 101.2c-9.8-9.3-10-24.8-.4-34.3z\"><\/path><\/svg>\t\t\t<\/span>\n\t\t\t\t\t\t\t\t\t<span class=\"elementor-button-text\">Kontaktieren<\/span>\n\t\t\t\t\t<\/span>\n\t\t\t\t\t<\/a>\n\t\t\t\t<\/div>\n\t\t\t\t\t\t\t\t<\/div>\n\t\t\t\t<\/div>\n\t\t\t\t<\/div>\n\t\t\t\t\t<\/div>\n\t\t\t\t<\/div>\n\t\t\t\t<\/div>\n\t\t","protected":false},"excerpt":{"rendered":"","protected":false},"author":9,"featured_media":0,"parent":0,"menu_order":0,"comment_status":"closed","ping_status":"closed","template":"elementor_header_footer","meta":{"_acf_changed":false,"footnotes":""},"class_list":["post-8334","page","type-page","status-publish","hentry"],"acf":[],"yoast_head":"<!-- This site is optimized with the Yoast SEO Premium plugin v20.2.1 (Yoast SEO v27.3) - https:\/\/yoast.com\/product\/yoast-seo-premium-wordpress\/ -->\n<title>Panorama Hotel Austria | ADLERS Innsbruck<\/title>\n<meta name=\"description\" content=\"Enjoy the most beautiful mountain views in Innsbruck at the ADLERS Panorama Hotel in Austria \u27a4 Discover now\" \/>\n<meta name=\"robots\" content=\"index, follow, max-snippet:-1, max-image-preview:large, max-video-preview:-1\" \/>\n<link rel=\"canonical\" href=\"https:\/\/www.adlers-innsbruck.com\/en\/hotel\/\" \/>\n<meta property=\"og:locale\" content=\"en_US\" \/>\n<meta property=\"og:type\" content=\"article\" \/>\n<meta property=\"og:title\" content=\"Hotel\" \/>\n<meta property=\"og:description\" content=\"Enjoy the most beautiful mountain views in Innsbruck at the ADLERS Panorama Hotel in Austria \u27a4 Discover now\" \/>\n<meta property=\"og:url\" content=\"https:\/\/www.adlers-innsbruck.com\/en\/hotel\/\" \/>\n<meta property=\"og:site_name\" content=\"aDLERS Design Hotel Innsbruck\" \/>\n<meta property=\"article:publisher\" content=\"https:\/\/www.facebook.com\/AdlersHotelInnsbruck\/\" \/>\n<meta property=\"article:modified_time\" content=\"2025-05-09T07:13:09+00:00\" \/>\n<meta property=\"og:image\" content=\"https:\/\/www.adlers-innsbruck.com\/wp-content\/uploads\/2025\/02\/Hotel_aDLERS_Innsbruck_Panorama_Classic_Zimmer_5-1024x683.jpg\" \/>\n<meta name=\"twitter:card\" content=\"summary_large_image\" \/>\n<meta name=\"twitter:label1\" content=\"Est. reading time\" \/>\n\t<meta name=\"twitter:data1\" content=\"6 minutes\" \/>\n<script type=\"application\/ld+json\" class=\"yoast-schema-graph\">{\"@context\":\"https:\\\/\\\/schema.org\",\"@graph\":[{\"@type\":\"WebPage\",\"@id\":\"https:\\\/\\\/www.adlers-innsbruck.com\\\/en\\\/hotel\\\/\",\"url\":\"https:\\\/\\\/www.adlers-innsbruck.com\\\/en\\\/hotel\\\/\",\"name\":\"Panorama Hotel Austria | ADLERS Innsbruck\",\"isPartOf\":{\"@id\":\"https:\\\/\\\/www.adlers-innsbruck.com\\\/#website\"},\"primaryImageOfPage\":{\"@id\":\"https:\\\/\\\/www.adlers-innsbruck.com\\\/en\\\/hotel\\\/#primaryimage\"},\"image\":{\"@id\":\"https:\\\/\\\/www.adlers-innsbruck.com\\\/en\\\/hotel\\\/#primaryimage\"},\"thumbnailUrl\":\"https:\\\/\\\/www.adlers-innsbruck.com\\\/wp-content\\\/uploads\\\/2025\\\/02\\\/Hotel_aDLERS_Innsbruck_Panorama_Classic_Zimmer_5-1024x683.jpg\",\"datePublished\":\"2019-12-05T09:54:17+00:00\",\"dateModified\":\"2025-05-09T07:13:09+00:00\",\"description\":\"Enjoy the most beautiful mountain views in Innsbruck at the ADLERS Panorama Hotel in Austria \u27a4 Discover now\",\"breadcrumb\":{\"@id\":\"https:\\\/\\\/www.adlers-innsbruck.com\\\/en\\\/hotel\\\/#breadcrumb\"},\"inLanguage\":\"en-US\",\"potentialAction\":[{\"@type\":\"ReadAction\",\"target\":[\"https:\\\/\\\/www.adlers-innsbruck.com\\\/en\\\/hotel\\\/\"]}]},{\"@type\":\"ImageObject\",\"inLanguage\":\"en-US\",\"@id\":\"https:\\\/\\\/www.adlers-innsbruck.com\\\/en\\\/hotel\\\/#primaryimage\",\"url\":\"https:\\\/\\\/www.adlers-innsbruck.com\\\/wp-content\\\/uploads\\\/2025\\\/02\\\/Hotel_aDLERS_Innsbruck_Panorama_Classic_Zimmer_5-1024x683.jpg\",\"contentUrl\":\"https:\\\/\\\/www.adlers-innsbruck.com\\\/wp-content\\\/uploads\\\/2025\\\/02\\\/Hotel_aDLERS_Innsbruck_Panorama_Classic_Zimmer_5-1024x683.jpg\"},{\"@type\":\"BreadcrumbList\",\"@id\":\"https:\\\/\\\/www.adlers-innsbruck.com\\\/en\\\/hotel\\\/#breadcrumb\",\"itemListElement\":[{\"@type\":\"ListItem\",\"position\":1,\"name\":\"Startseite\",\"item\":\"https:\\\/\\\/www.adlers-innsbruck.com\\\/en\\\/\"},{\"@type\":\"ListItem\",\"position\":2,\"name\":\"Hotel\"}]},{\"@type\":\"WebSite\",\"@id\":\"https:\\\/\\\/www.adlers-innsbruck.com\\\/#website\",\"url\":\"https:\\\/\\\/www.adlers-innsbruck.com\\\/\",\"name\":\"aDLERS Design Hotel Innsbruck\",\"description\":\"\",\"publisher\":{\"@id\":\"https:\\\/\\\/www.adlers-innsbruck.com\\\/#organization\"},\"potentialAction\":[{\"@type\":\"SearchAction\",\"target\":{\"@type\":\"EntryPoint\",\"urlTemplate\":\"https:\\\/\\\/www.adlers-innsbruck.com\\\/?s={search_term_string}\"},\"query-input\":{\"@type\":\"PropertyValueSpecification\",\"valueRequired\":true,\"valueName\":\"search_term_string\"}}],\"inLanguage\":\"en-US\"},{\"@type\":\"Organization\",\"@id\":\"https:\\\/\\\/www.adlers-innsbruck.com\\\/#organization\",\"name\":\"aDLERS Design Hotel Innsbruck\",\"url\":\"https:\\\/\\\/www.adlers-innsbruck.com\\\/\",\"logo\":{\"@type\":\"ImageObject\",\"inLanguage\":\"en-US\",\"@id\":\"https:\\\/\\\/www.adlers-innsbruck.com\\\/#\\\/schema\\\/logo\\\/image\\\/\",\"url\":\"https:\\\/\\\/www.adlers-innsbruck.com\\\/wp-content\\\/uploads\\\/2019\\\/12\\\/csm_AdlersLogo.png\",\"contentUrl\":\"https:\\\/\\\/www.adlers-innsbruck.com\\\/wp-content\\\/uploads\\\/2019\\\/12\\\/csm_AdlersLogo.png\",\"width\":282,\"height\":93,\"caption\":\"aDLERS Design Hotel Innsbruck\"},\"image\":{\"@id\":\"https:\\\/\\\/www.adlers-innsbruck.com\\\/#\\\/schema\\\/logo\\\/image\\\/\"},\"sameAs\":[\"https:\\\/\\\/www.facebook.com\\\/AdlersHotelInnsbruck\\\/\",\"https:\\\/\\\/www.instagram.com\\\/adlershotel\\\/\"]}]}<\/script>\n<!-- \/ Yoast SEO Premium plugin. -->","yoast_head_json":{"title":"Panorama Hotel Austria | ADLERS Innsbruck","description":"Enjoy the most beautiful mountain views in Innsbruck at the ADLERS Panorama Hotel in Austria \u27a4 Discover now","robots":{"index":"index","follow":"follow","max-snippet":"max-snippet:-1","max-image-preview":"max-image-preview:large","max-video-preview":"max-video-preview:-1"},"canonical":"https:\/\/www.adlers-innsbruck.com\/en\/hotel\/","og_locale":"en_US","og_type":"article","og_title":"Hotel","og_description":"Enjoy the most beautiful mountain views in Innsbruck at the ADLERS Panorama Hotel in Austria \u27a4 Discover now","og_url":"https:\/\/www.adlers-innsbruck.com\/en\/hotel\/","og_site_name":"aDLERS Design Hotel Innsbruck","article_publisher":"https:\/\/www.facebook.com\/AdlersHotelInnsbruck\/","article_modified_time":"2025-05-09T07:13:09+00:00","og_image":[{"url":"https:\/\/www.adlers-innsbruck.com\/wp-content\/uploads\/2025\/02\/Hotel_aDLERS_Innsbruck_Panorama_Classic_Zimmer_5-1024x683.jpg","type":"","width":"","height":""}],"twitter_card":"summary_large_image","twitter_misc":{"Est. reading time":"6 minutes"},"schema":{"@context":"https:\/\/schema.org","@graph":[{"@type":"WebPage","@id":"https:\/\/www.adlers-innsbruck.com\/en\/hotel\/","url":"https:\/\/www.adlers-innsbruck.com\/en\/hotel\/","name":"Panorama Hotel Austria | ADLERS Innsbruck","isPartOf":{"@id":"https:\/\/www.adlers-innsbruck.com\/#website"},"primaryImageOfPage":{"@id":"https:\/\/www.adlers-innsbruck.com\/en\/hotel\/#primaryimage"},"image":{"@id":"https:\/\/www.adlers-innsbruck.com\/en\/hotel\/#primaryimage"},"thumbnailUrl":"https:\/\/www.adlers-innsbruck.com\/wp-content\/uploads\/2025\/02\/Hotel_aDLERS_Innsbruck_Panorama_Classic_Zimmer_5-1024x683.jpg","datePublished":"2019-12-05T09:54:17+00:00","dateModified":"2025-05-09T07:13:09+00:00","description":"Enjoy the most beautiful mountain views in Innsbruck at the ADLERS Panorama Hotel in Austria \u27a4 Discover now","breadcrumb":{"@id":"https:\/\/www.adlers-innsbruck.com\/en\/hotel\/#breadcrumb"},"inLanguage":"en-US","potentialAction":[{"@type":"ReadAction","target":["https:\/\/www.adlers-innsbruck.com\/en\/hotel\/"]}]},{"@type":"ImageObject","inLanguage":"en-US","@id":"https:\/\/www.adlers-innsbruck.com\/en\/hotel\/#primaryimage","url":"https:\/\/www.adlers-innsbruck.com\/wp-content\/uploads\/2025\/02\/Hotel_aDLERS_Innsbruck_Panorama_Classic_Zimmer_5-1024x683.jpg","contentUrl":"https:\/\/www.adlers-innsbruck.com\/wp-content\/uploads\/2025\/02\/Hotel_aDLERS_Innsbruck_Panorama_Classic_Zimmer_5-1024x683.jpg"},{"@type":"BreadcrumbList","@id":"https:\/\/www.adlers-innsbruck.com\/en\/hotel\/#breadcrumb","itemListElement":[{"@type":"ListItem","position":1,"name":"Startseite","item":"https:\/\/www.adlers-innsbruck.com\/en\/"},{"@type":"ListItem","position":2,"name":"Hotel"}]},{"@type":"WebSite","@id":"https:\/\/www.adlers-innsbruck.com\/#website","url":"https:\/\/www.adlers-innsbruck.com\/","name":"aDLERS Design Hotel Innsbruck","description":"","publisher":{"@id":"https:\/\/www.adlers-innsbruck.com\/#organization"},"potentialAction":[{"@type":"SearchAction","target":{"@type":"EntryPoint","urlTemplate":"https:\/\/www.adlers-innsbruck.com\/?s={search_term_string}"},"query-input":{"@type":"PropertyValueSpecification","valueRequired":true,"valueName":"search_term_string"}}],"inLanguage":"en-US"},{"@type":"Organization","@id":"https:\/\/www.adlers-innsbruck.com\/#organization","name":"aDLERS Design Hotel Innsbruck","url":"https:\/\/www.adlers-innsbruck.com\/","logo":{"@type":"ImageObject","inLanguage":"en-US","@id":"https:\/\/www.adlers-innsbruck.com\/#\/schema\/logo\/image\/","url":"https:\/\/www.adlers-innsbruck.com\/wp-content\/uploads\/2019\/12\/csm_AdlersLogo.png","contentUrl":"https:\/\/www.adlers-innsbruck.com\/wp-content\/uploads\/2019\/12\/csm_AdlersLogo.png","width":282,"height":93,"caption":"aDLERS Design Hotel Innsbruck"},"image":{"@id":"https:\/\/www.adlers-innsbruck.com\/#\/schema\/logo\/image\/"},"sameAs":["https:\/\/www.facebook.com\/AdlersHotelInnsbruck\/","https:\/\/www.instagram.com\/adlershotel\/"]}]}},"_links":{"self":[{"href":"https:\/\/www.adlers-innsbruck.com\/en\/wp-json\/wp\/v2\/pages\/8334","targetHints":{"allow":["GET"]}}],"collection":[{"href":"https:\/\/www.adlers-innsbruck.com\/en\/wp-json\/wp\/v2\/pages"}],"about":[{"href":"https:\/\/www.adlers-innsbruck.com\/en\/wp-json\/wp\/v2\/types\/page"}],"author":[{"embeddable":true,"href":"https:\/\/www.adlers-innsbruck.com\/en\/wp-json\/wp\/v2\/users\/9"}],"replies":[{"embeddable":true,"href":"https:\/\/www.adlers-innsbruck.com\/en\/wp-json\/wp\/v2\/comments?post=8334"}],"version-history":[{"count":6,"href":"https:\/\/www.adlers-innsbruck.com\/en\/wp-json\/wp\/v2\/pages\/8334\/revisions"}],"predecessor-version":[{"id":8365,"href":"https:\/\/www.adlers-innsbruck.com\/en\/wp-json\/wp\/v2\/pages\/8334\/revisions\/8365"}],"wp:attachment":[{"href":"https:\/\/www.adlers-innsbruck.com\/en\/wp-json\/wp\/v2\/media?parent=8334"}],"curies":[{"name":"wp","href":"https:\/\/api.w.org\/{rel}","templated":true}]}}